{"id":444,"date":"2019-08-19T17:54:09","date_gmt":"2019-08-19T15:54:09","guid":{"rendered":"http:\/\/choinski.info\/?page_id=444"},"modified":"2026-04-25T22:12:01","modified_gmt":"2026-04-25T20:12:01","slug":"agnitio-vera-publisher","status":"publish","type":"page","link":"http:\/\/choinski.info\/index.php\/agnitio-vera-publisher\/","title":{"rendered":"Aktualno\u015bci"},"content":{"rendered":"<p>Wobec permanentnie zadawanych autorowi powy\u017cej wymienionych publikacji pyta\u0144 w rodzaju: no dobrze, ju\u017c wiemy sk\u0105d si\u0119 wzi\u0105\u0142 cz\u0142owiek na Ziemi, dlaczego Polska znikn\u0119\u0142a z map na 123 lata, dlaczego wybuch\u0142a II W. \u015aw,\u00a0 ale co tu i teraz?\u00a0<\/p>\n<p>Kolejno\u015b\u0107 temat\u00f3w:\u00a0<\/p>\n<ol>\n<li>Bie\u017c\u0105ca polityka\u00a0<\/li>\n<li>\u00a0Odbudowa Pa\u0142acu Saskiego, czy domu towarowego rosyjskiego biznesmena Skwarcowa? \u00a0 \u00a0 \u00a0 \u00a0 \u00a0 \u00a0 \u00a0 \u00a0 \u00a0 \u00a0<\/li>\n<li>\u00a0Sp\u00f3r o genez\u0119 wybuchu II W. \u015aw.<\/li>\n<li>\u00a0Reparacje od Niemiec, Powstanie Warszawskie<\/li>\n<li>\u00a0Smog, Klimat\u00a0<\/li>\n<li>\u015amieszne lub ciekawe<\/li>\n<\/ol>\n<p><strong>Bie\u017c\u0105ca polityka<\/strong><\/p>\n<p><strong>Azyl dla Romanowskiego i Ziobry na W\u0119grzech, Orban chcia\u0142 zem\u015bci\u0107 si\u0119 na Polsce.<\/strong> Dlaczego?\u00a0 Z zupe\u0142nie innego powodu ni\u017c si\u0119 uwa\u017ca. Putin id lat proponuje, aby zachodnia cz\u0119\u015b\u0107 Ukrainy powr\u00f3ci\u0142a\u00a0 do tych kraj\u00f3w, kt\u00f3rym Stalin zabra\u0142 te ziemie.\u00a0 Premier Orban gor\u0105co to popiera\u0142, Polska Tuska i UE s\u0105\u00a0 zdecydowanymi przeciwnikami tej idei, Ukraina ma wygra\u0107 wojn\u0119 z Rosj\u0105 i wej\u015b\u0107 do UE oraz NATO\u00a0 !!!.\u00a0 Nie chcemy powrotu do Polski Lwowa, nie dostrzegamy milion\u00f3w obywateli Ukrainy z polskimi korzeniami marz\u0105cymi o tym. Na ods\u0142oni\u0119ciu pomnika Rzezi Wo\u0142y\u0144skiej by\u0142y gigantyczne t\u0142umy, nie da\u0142o si\u0119 tam dojecha\u0107 samochodem. Ale nikogo z PIS-U ani PO tam nie by\u0142o. Po wybuchu wojny ujawni\u0142a si\u0119 pomi\u0119dzy Polsk\u0105 a Ukrain\u0105 jakby zmowa: Negujemy istnienie na Ukrainie Polonii, nie pokazujemy ju\u017c polskich ch\u00f3r\u00f3w, teatr\u00f3w, szk\u00f3\u0142, publicznych spotka\u0144. Jaki mo\u017cna przewidzie\u0107 rezultat? Nie ma zapewne szans by Ukraina przetrwa\u0142a, dla Rosji to w dalszym ci\u0105gu zabawa, nie ma przecie\u017c powszechnej mobilizacji, nie zaj\u0105\u0142 Bia\u0142orusi, a mo\u017ce to zrobi\u0107. Putin mo\u017ce zgodzi\u0107 si\u0119 na jej rozbi\u00f3r: wsch\u00f3d dla Rosji, w \u015brodku banderowcy, po\u0142udnie dla Rumunii, W\u0119gier i mo\u017ce S\u0142owacji. A co dla krn\u0105brnej Polski ? &#8211; nic.<\/p>\n<p>No i te p\u0142on\u0105ce bazary, sk\u0142adowiska odpad\u00f3w, magazyny. Kto zleca podpalanie ? Oczywi\u015bcie ci, kt\u00f3rzy maj\u0105 z tego korzy\u015b\u0107, czyli na og\u00f3\u0142\u00a0 w\u0142a\u015bciciele grunt\u00f3w lub niesprzedawalnych towar\u00f3w. A mo\u017ce jednak Rosjanie ? \u015amieszne , jak to s\u0142usznie\u00a0 zauwa\u017cy\u0142 (o dziwo)\u00a0 pan Komorowski&#8230; Ale ciekawe, prawdziwy zleceniodawca mo\u017ce spa\u0107 spokojnie.\u00a0\u00a0<\/p>\n<p>a.) Aktualna koalicja nie b\u0119dzie d\u0142ugo rz\u0105dzi\u0142a. Dlaczego Oto g\u0142os <strong>ludu: Tak panie Tusk, PIS to okropni z\u0142odzieje, ale chyba na nich zag\u0142osuj\u0119. Dlaczego ? No c\u00f3\u017c, ze z\u0142odziejem mo\u017cna si\u0119 dogada\u0107, a z eko\u015bwirem, kt\u00f3ry gada g\u0142upoty o 40 tys, umieraj\u0105cych w Polsce co roku na smog &#8211; nigdy&#8230; <\/strong>Pogr\u0105\u017cy j\u0105 temat dla zwyk\u0142ych ludzi najwa\u017cniejszy: katastrofalna &#8222;polityka klimatyczna&#8221;, czyli drastyczne koszty energii\u00a0 i szereg wprowadzanych\u00a0 przez UE obostrze\u0144.\u00a0 Te pieni\u0105dze z KPO\u00a0 id\u0105 g\u0142\u00f3wnie na wiatr(aki) elektryki i inne g\u0142upoty (patrz poni\u017cej\u00a0 Eko\u015bwiry, czyli religia klimatyczna)<\/p>\n<p>b, Kami\u0144ski, W\u0105sik i\u00a0 prezydent Duda: To nie by\u0142a \u017cadna &#8222;afera gruntowa&#8221; , lecz akcja\u00a0 zorganizowanej\u00a0 grupy przest\u0119pczej\u00a0 maj\u0105ca na celu\u00a0 wpakowanie do wi\u0119zienia\u00a0 Leppera, poprzez podrzucenie mu sfa\u0142szowanej dokumentacji i teczki z pieni\u0119dzmi<\/p>\n<p>c) Ju\u017c nie pani minister, tylko &#8222;Ministra&#8221; . A jak marynarz Ewa Kosi\u0144ska,\u00a0 &#8222;Marynarka?\u00a0 Albo pani kominiarz &#8222;Kominiarka? itd. A skoro tak, to nie kierowca, tylko &#8222;Kierowiec&#8221; ! Lub te\u017c nie wojewoda, lecz wojewodziec !<\/p>\n<p>d ) Biznesmen Trump wygra\u0142, \u015bwiat (mo\u017ce) uratowany przed zag\u0142ad\u0105 w wyniku III W. \u015aw. . Zapewne ka\u017ce zar\u00f3wno Ukrainie jak i Tajwanowi\u00a0 wywiesi\u0107 bia\u0142\u0105 flag\u0119 i 2 punkty zapalne wygaszone.\u00a0 \u00a0A mo\u017ce lw\u00f3w wr\u00f3ci jednak do Polski ?<\/p>\n<p>\u00a0<\/p>\n<p><img decoding=\"async\" loading=\"lazy\" class=\"\" src=\"http:\/\/choinski.info\/wp-content\/uploads\/2022\/04\/mapa-rozbior-Ukrainy-pdf-725x1024.jpg\" alt=\"Obrazek posiada pusty atrybut alt; plik o nazwie mapa-rozbior-Ukrainy-pdf-725x1024.jpg\" width=\"558\" height=\"788\" \/><\/p>\n<p>\u00a0 Autor tych s\u0142\u00f3w, jako prezes odpowiedniej Fundacji,\u00a0 bra\u0142 udzia\u0142 w w. opisanych negocjacjach pomi\u0119dzy Moskw\u0105 a Warszaw\u0105 (patrz poni\u017cej).\u00a0 \u00a0 <strong>Sprawa prosta, albo podzia\u0142 Ukrainy\u00a0 ( bez u\u017cycia si\u0142y, posi\u0142kuj\u0105c si\u0119 pewnymi aspektami prawa mi\u0119dzynarodowego) :\u00a0 wsch\u00f3d do Rosji, w \u015brodku &#8222;Banderowcy&#8221;, zach\u00f3d do Polski, Rumunii i W\u0119gier, albo straszliwa wojna, kt\u00f3r\u0105 Rosja na pewno wygra.<\/strong>\u00a0 Konstatacja fatalna: najwy\u017csze polskie czynniki polityczne powielaj\u0105 b\u0142\u0119dy z roku 1939.\u00a0 Pan Prezydent Komorowski, zwracaj\u0105c si\u0119 do ni\u017cej podpisanego (polskie radio\u00a0 2015)\u00a0 odm\u00f3wi\u0142\u00a0 interwencji w sprawie polonii na Ukrainie, obiecuj\u0105c\u00a0 wszelk\u0105\u00a0 pomoc&#8230; Ukrai\u0144com. Pan prezydent Duda publicznie zwr\u00f3ci\u0142 si\u0119 do Putina: Nie strasz, nie strasz, bo si\u0119 ze&#8230;sz.\u00a0 Prezydent Nawrocki nie zmienia tej polityki, brnie w ba\u0142amuctwa Trumpa&#8230;&#8230;<\/p>\n<p>e) Wypadki na przej\u015bciach dla pieszych, na pasach: <strong>Kto\u015b p\u0119dzi 200 km na godzin\u0119? Masz bezwzgl\u0119dne pierwsze\u0144stwo, \u015bmia\u0142o przechod\u017a! Wprawdzie ten \u015bwir Ci\u0119 zabije, ale b\u0119dzie siedzia\u0142&#8230;<\/strong> (Krzysztof Burdak,\u00a0 ekspert bezpiecze\u0144stwa ruchu drogowego,\u00a0 konkluzja). No i te szlabany na wyje\u017adzie z przejazdu kolejowego,\u00a0 g\u0142\u00f3wna przyczyna katastrof !!!\u00a0<\/p>\n<p>f) Sprawa wybuchu w Przewodowie rosyjskiej rakiety, ale odpalonej na Ukrainie. Z pewno\u015bci\u0105 o wojnie NATO z Rosj\u0105 marzy Ze\u0142enski i jego ekipa, jest to dla nich by\u0107 albo nie by\u0107. Czy mo\u017cna wi\u0119c si\u0119 im dziwi\u0107, gdyby to oni mieli udzia\u0142 w skierowaniu rakiety na Polsk\u0119? Ale najgorzej, \u017ce samcze geny podpowiadaj\u0105: tracimy\u00a0 w\u0142adz\u0119 wi\u0119c nie chcemy \u017cy\u0107, ale niech zgin\u0105 wszyscy wraz z nami, r\u00f3wnie\u017c najbli\u017csi:\u00a0 patrz Hitler &#8211; Ewa Braun, Goebbels &#8211; \u017cona i plejada jego dzieci,\u00a0 do tego nawet nawo\u0142ywa\u0142 nasz genera\u0142 Anders! Ale wszystko przebija Massada.\u00a0 Straszny gen, wsz\u0119dzie obecny, r\u00f3wnie\u017c tu !!!\u00a0<\/p>\n<p>Bardzo zagro\u017cone s\u0105 polskie, wspania\u0142e zabytki na Ukrainie. Wystosowali\u015bmy apel do. p. Prezydenta A. Dudy, \u017ceby je uratowa\u0142.\u00a0 niech zostanie przynajmniej dow\u00f3d, \u017ce nie jest to dla niego wa\u017cne&#8230;. <img decoding=\"async\" loading=\"lazy\" class=\"\" src=\"http:\/\/choinski.info\/wp-content\/uploads\/2022\/10\/Andrzej-Duda-pdf-725x1024.jpg\" width=\"508\" height=\"718\" \/><\/p>\n<p>Po agresji\u00a0 Hitlera na Sowiety, Ukrai\u0144cy\u00a0 masowo mordowali \u017byd\u00f3w, to oni uruchomili Holocaust (patrz prof. B.\u00a0 Musia\u0142)\u00a0 Nast\u0119pnie rozpocz\u0119li mordowanie Polak\u00f3w, ale Niemcy zakazali im tego, wykonano kilka wyrok\u00f3w \u015bmierci (patrz, ks. Anczarski) .\u00a0 Gdy dwa lata p\u00f3\u017aniej Niemcy os\u0142abli\u00a0 w trakcie bitwy pod Kurskiem, rozpocz\u0119\u0142a si\u0119 Rze\u017a Wo\u0142y\u0144ska. <strong>Zatrzyma\u0142 t\u0119 rze\u017a Stalin !\u00a0<\/strong>Ani Hitlera, ani Stalina ju\u017c nie ma, kto b\u0119dzie nas w\u00f3wczas broni\u0142?\u00a0 Je\u015bli wybory w Ukrainie wygra orientacja prorosyjska, to b\u0119dzie to dla Polski katastrofa, stwierdzi\u0142 Kosiniak-Kamysz, przecie\u017c minister wojny (maj 2025). Czy dlatego, ze zaraz run\u0105 na Polsk\u0119 hordy banderowc\u00f3w ?&#8230;\u00a0<\/p>\n<p><b data-rich-text-format-boundary=\"true\">PA \u0141AC SASKI<\/b><\/p>\n<p><strong><em>Pok\u00f3j kilkadziesi\u0105t lat nieprzerwany. w najlepszym s\u0105siedzkich wojen zapale, granice ca\u0142e. (&#8230;) Po ca\u0142ym kraju bezpiecze\u0144stwo, handel, dostatek, obfito\u015b\u0107:\u00a0 te by\u0142y skutki s\u0142odkiego panowania Augusta III. <\/em>(Manifest opozycji wobec St. Augusta Poniatowskiego z\u00a0 roku 1772)\u00a0<\/strong><\/p>\n<p>&#8222;S\u0142odkie&#8221; panowanie obu Sas\u00f3w zosta\u0142o docenione w art. VII Konstytucji III Maja, uznano, \u017ce koniec z elekcjami,\u00a0 <strong>w Polsce ma panowa\u0107 dynastia w\u0142a\u015bnie Sas\u00f3w!<\/strong>\u00a0 \u00a0(To co na ich temat wypisuj\u0105 &#8222;ch\u0142opcy od brudnej roboty&#8221; czyli\u00a0 niekt\u00f3rzy historycy, to nieprawda, patrz publikacje prof. Jacka Staszewskiego\u00a0 i&#8230; ni\u017cej podpisanego. ) Pa\u0142ac Saski, cudowna budowla p\u00f3\u017anego baroku, z pierwsz\u0105 w Polsce sal\u0105 operow\u0105, powinna zosta\u0107 odbudowana.\u00a0 Niestety, po Powstaniu Listopadowym teren\u00a0 zakupi\u0142 rosyjski przedsi\u0119biorca Skwarcow i rozebra\u0142 pa\u0142ac do fundament\u00f3w. Nast\u0119pnie pobudowa\u0142 na tym placu, wg gustu cara, kt\u00f3ry uwielbia\u0142 kolumnady,\u00a0 kompletnie inny, tandetny\u00a0 &#8222;dom przychodowy<strong>.&#8221;\u00a0 <\/strong>I\u00a0 ten <strong>rosyjski dom towarowy\u00a0 na wynajem<\/strong> ( z burdelem) ma by\u0107 teraz odbudowany! Jakim kosztem? Nie 10 -12 mln PLN, co by\u0142oby na t\u0119\u00a0 jedn\u0105 budowl\u0119 do prze\u0142kni\u0119cia, lecz na (eklektyczn\u0105) ca\u0142o\u015b\u0107 &#8211; ok. 2.5 miliarda!!! Pewnie do tego nie dojdzie, ale co miesi\u0105c ogromne pensje dla zarz\u0105dzaj\u0105cych &#8222;odbudow\u0105&#8221; p\u0142yn\u0105&#8230;<\/p>\n<p><strong><em>Eko\u015bwiry, religia klimatyczna.<\/em><\/strong><\/p>\n<p><strong><em> Ma\u0142a Europa podj\u0119\u0142a si\u0119 zagadnienia globalnego, skrajnie kosztownego i nierealnego do zrealizowania bez katastrofy finansowej.<\/em><\/strong><\/p>\n<p><em>motto: Kto lansuje &#8222;ekologi\u0119&#8221;, wybory przegra<\/em><\/p>\n<p>W domowych piecach nie wolno spala\u0107 nawet drewna, a w spalarniach pal\u0105 wszystko jak leci.\u00a0 Nie ma mo\u017cliwo\u015bci segregacji odpad\u00f3w w osiedlach. Do zmieszanych wrzucane s\u0105 <strong>plastikowe<\/strong> wory zawieraj\u0105ce\u00a0 plastiki, farby, gumy, smo\u0142y, szk\u0142a, zgnilizn\u0119. Cz\u0119\u015bciowo firmy remontowe, ale g\u0142\u00f3wnie osobnicy wynajmuj\u0105cy lokale oraz oczekuj\u0105cy eksmisji maj\u0105 gdzie\u015b zakazy. Gigantyczne ilo\u015bci odpad\u00f3w p\u0142on\u0105 w piecach, emituj\u0105c gazy nieuchwytne przez filtry, w tym tak niepopularne obecnie CO2 .\u00a0 Zasada jest prosta:\u00a0 palimy wszystko, ale tak, \u017ceby nie by\u0142o nic czu\u0107 i wida\u0107&#8230;<\/p>\n<p>Wie\u015b i mniejsze miasta nie g\u0142osuj\u0105 na PO. Wcale nie dlatego, \u017ce ich mieszka\u0144cy s\u0105 &#8222;g\u0142upsi&#8221;, wr\u0119cz odwrotnie, s\u0105, przynajmniej \u017cyciowo, m\u0105drzejsi. Ludno\u015b\u0107 obszar\u00f3w wiejskich\u00a0 nie wierzy w szkodliwo\u015b\u0107 pary wodnej z odrobin\u0105 dymu, czyli &#8222;smogu&#8221;, a kwestie &#8222;klimatu&#8221; forsowane przez &#8222;nawiedzone damy&#8221; z Brukseli\u00a0 uwa\u017ca za\u00a0 w\u0105tpliwe i nie mog\u0105 one obci\u0105\u017ca\u0107 tylko UE. Kiedy\u015b wypala\u0142o si\u0119 wczesn\u0105 wiosn\u0105 \u0142\u0105ki, \u017ceby nowa trawa pi\u0119knie uros\u0142a, jesieni\u0105 &#8222;pali\u0142o si\u0119 chwasty w sadach i pachnia\u0142 (&#8230;)dym&#8221; wg radiowej piosenki stulecia i nikomu to nie przeszkadza\u0142o. Gdy Prezydent Europy D. Tusk m\u00f3wi\u0142 o 45 tys. zmar\u0142ych\u00a0 w Polsce &#8222;na smog&#8221; &#8211; pukali si\u0119 w czo\u0142o;\u00a0 na opryski, nikotyn\u0119, to tak, ale nie z powodu dymu. Inteligencja, nawet ta obecna, bywa uczciwa &#8211; czyli naiwna &#8211; wierzy w opracowania &#8222;naukowe&#8221;, pisane na zam\u00f3wienia grup interesu. Lepiej\u00a0 wykszta\u0142ceni wskazuj\u0105 na brak dowod\u00f3w, a jedynie manipulacje os\u00f3b lansuj\u0105cych te, wg autora tego tekstu (z zawodu nie tylko skrzypka, ale i in\u017cyniera )\u00a0 &#8222;poisoned ideas&#8221; . &#8211; Niech ka\u017c\u0105 zak\u0142ada\u0107 filtry na kominy hut, budowa\u0107 elektrownie atomowe, a od nas, maluczkich,\u00a0 niech si\u0119 odczepi\u0105\u00a0 &#8211; m\u00f3wi\u0105. Wiele milion\u00f3w rodzin w Polsce <strong>( i &#8222;ekolog\u00f3w&#8221;, korzystaj\u0105cych z ciep\u0142owni w\u0119glowych !)<\/strong>\u00a0 \u00a0pali w\u0119glem i dobrowolnie nie przestawi si\u0119 na dwa razy dro\u017cszy gaz i trzy razy dro\u017cszy pr\u0105d. Par\u0119 milion\u00f3w pali w\u0142asnym drewnem &#8211; za darmo. (I czysto, z suchego drewna nie ma\u00a0 dymu. A jak butwieje to daje wi\u0119cej CO2 ni\u017c przy spaleniu) Opa\u0142 stanowi du\u017cy wydatek, nie zrekompensuj\u0105 go\u00a0 dodatki socjalne. Kosztuj\u0105ca krocie &#8222;Zielona Rewolucja&#8221; to szkodliwy zabobon. Jakie rozwi\u0105zanie? Nie wiatraki z ogromnym dofinansowaniem, wod\u00f3r i elektrownie atomowe lecz lawa z wn\u0119trza Ziemi oraz synteza termoj\u0105drowa. Kiedy ? Ju\u017c wkr\u00f3tce, post\u0119p technologiczny jest ogromny&#8230;<\/p>\n<p>W dziedzinie rolnictwa dosz\u0142o do za\u0142amania, jakiego nie do\u015bwiadczyli\u015bmy od wiek\u00f3w, co widzimy go\u0142ym okiem. Do roku 1990 ka\u017cdy skrawek p\u00f3l by\u0142 uprawiany. <strong>Dzisiaj czarnoziemy, lessy, mady, albo zarasta dzika (g\u0142\u00f3wnie robiniowa)\u00a0 d\u017cungla, albo stawia si\u0119 tam obiekty przemys\u0142owe i osiedla, jak by nie by\u0142o do tego celu piaszczystych ugor\u00f3w. <\/strong>\u00a0Ludzie z miasta kupuj\u0105 ma\u0142e dzia\u0142ki po\u015br\u00f3d p\u00f3l utrudniaj\u0105c scalanie i &#8230; donosz\u0105c na rolnik\u00f3w, \u017ce pal\u0105 ga\u0142\u0119zie. Gdy ministrowi Szyszko uda\u0142o si\u0119 przeforsowa\u0107 ustaw\u0119, aby np.\u00a0 rolnik, kt\u00f3ry\u00a0 otrzyma\u0142 w spadku zdzicza\u0142e pole, mia\u0142 prawo je odchwa\u015bci\u0107 z samosiejek grubszych drzew,\u00a0 najpierw szef PO, p\u00f3\u017aniej te\u017c i &#8222;Najwa\u017cniejszy Rz\u0105dz\u0105cy&#8221; z PIS-u,\u00a0 zakrzykn\u0119li &#8211; Nie! Ustaw\u0119 zmieniono, robinia szaleje. <strong>Popsuta w 1934 roku przez prezydenta Mo\u015bcickiego gospodarka wodna (likwidacja polder\u00f3w, zbyt bliskie siebie obwa\u0142owania rzek, melioracje),<\/strong> dope\u0142nia dzie\u0142a,\u00a0 W\u0142a\u015bnie z tego powodu, a nie nadmiaru Co2\u00a0 susza pog\u0142\u0119bia si\u0119 oraz co i rusz mamy &#8222;pow\u00f3d\u017a tysi\u0105clecia&#8221;.\u00a0 Nie uratuje jej pomys\u0142\u00a0 zak\u0142adania przydomowych oczek wodnych, vel wyl\u0119garni komar\u00f3w. Polska stepowieje, \u017cyciodajna,\u00a0 wzbogacona w czasie przybor\u00f3w i\u0142em, czyli znakomitym nawozem\u00a0 ta (&#8222;przekl\u0119ta&#8221;) woda szybko sp\u0142ywa szybko do Ba\u0142tyku i zamula go&#8230;<\/p>\n<p>Skoro wspomniano ju\u017c o &#8222;Najwa\u017cniejszym Rz\u0105dz\u0105cym&#8221;, to\u00a0 trzeba nadmieni\u0107 o wa\u017cnej (by\u0107 mo\u017ce o wadze politycznej), przykrej sprawie. Jaros\u0142aw Kaczy\u0144ski (poniek\u0105d m\u00f3j m\u0142odszy kolega ze Starego \u017boliborza, chodzi\u0142 do (PZPRowskiej) szko\u0142y przy Feli\u0144skiego 15, gdzie w latach 1955 i 56 mia\u0142em zaj\u0119cia ze szko\u0142y muzycznej),\u00a0 jest dotkni\u0119ty ci\u0119\u017ck\u0105\u00a0 przypad\u0142o\u015bci\u0105, gro\u017c\u0105c\u0105 w ka\u017cdej chwili zawa\u0142em lub wylewem krwi do m\u00f3zgu. Sk\u0105d takie prognozy? W ci\u0105gu ostatnich paru lat musia\u0142em prze\u017cy\u0107 \u015bmier\u0107\u00a0 na t\u0119 chorob\u0119 (dotykaj\u0105c\u0105 tylko m\u0119\u017cczyzn) brata i najbli\u017cszego kolegi. Nie nazw\u0119 jej, od tego s\u0105 lekarze.\u00a0<\/p>\n<p style=\"text-align: center;\"><strong>SP\u00d3R O GENEZ\u0118\u00a0 WYBUCHU\u00a0 II W.\u015aW;\u00a0 W.PUTIN KONTRA\u00a0 POLSKI RZ\u0104D<\/strong><\/p>\n<p>Fundacja FMNP, zainspirowana\u00a0 inicjatyw\u0105\u00a0 wysokiego rosyjskiego urz\u0119dnika, podj\u0119\u0142a si\u0119 po\u015brednictwa w sprawie u\u0142o\u017cenia poprawnych stosunk\u00f3w pomi\u0119dzy Warszaw\u0105 i Moskw\u0105. Ju\u017c w roku 2014 zarzewiem konfliktu jawi\u0142a si\u0119 Ukraina, na co prezes Fundacji\u00a0 zwr\u00f3ci\u0142 pisemnie i publicznie uwag\u0119 \u00f3wczesnemu prezydentowi B. Komorowskiemu (bez rezultatu). Podstaw\u0105 normalizacji mia\u0142y by\u0107 niekt\u00f3re artyku\u0142y przepisy prawa mi\u0119dzynarodowego.\u00a0 Pad\u0142a nawet sugestia o mo\u017cliwo\u015bci przekazania Polsce ekwiwalentu w zwi\u0105zku z niesp\u0142aconym d\u0142ugiem ( Traktat Ryski) w wys. 30 mln rubli w z\u0142ocie. Prezes Fundacji prowadzi\u0142 w tej sprawie negocjacje z obiema stronami. Tymczasem wybuch\u0142 sp\u00f3r o przyczyny wybuchu II Wojny \u015awiatowej. Poniewa\u017c Janusz Choi\u0144ski przekaza\u0142 swoj\u0105 publikacj\u0119 dotycz\u0105c\u0105 tego zagadnienia ambasadorowi Rosji w Polsce, uzna\u0142 za stosowne powiadomienie o tym fakcie Prezydenta III RP (za\u0142. w informacji og\u00f3lnej)\u00a0<\/p>\n<p><strong>\u00a0Powstanie Warszawskie, wredne USA<\/strong><\/p>\n<p>Prostalinowskie inklinacje Franklina Delano Roosevelta ujawni\u0142y si\u0119 wkr\u00f3tce po obj\u0119ciu przez niego urz\u0119du prezydenta, podczas (godzinnej) audiencji, jakiej udzieli\u0142 komisarzowi Litwinowowi. Doskonale rozpozna\u0142 je ambasador Davies \u015bl\u0105c z Moskwy do Waszyngtonu takie raporty, jakich Prezydent oczekiwa\u0142: Wspania\u0142y, bolszewicki ustr\u00f3j, ludzie \u017cyj\u0105 tu dostatnio i szcz\u0119\u015bliwie, a wrogowie ludu s\u0105 s\u0142usznie skazywani na kary \u015bmierci i \u0142agry, raportowa\u0142. Podczas wojny zauroczenie si\u0119 Roosevelta Stalinem osi\u0105gn\u0119\u0142o apogeum: nazywa\u0142 go swoim bratem, pragn\u0105\u0142 odda\u0107 mu ca\u0142\u0105 Europ\u0119 (tylko bez Anglii), poleci\u0142 nakr\u0119ci\u0107 gloryfikuj\u0105cy go film.\u00a0<\/p>\n<p>A dlaczego wybuch\u0142o\u00a0 Powstanie Warszawskie?\u00a0 Emisariusz &#8222;Jur&#8221; (Jerzy Lerski), za winnego uznaje gen. Sikorskiego, kt\u00f3ry &#8222;zauroczy\u0142 si\u0119&#8221; (wrogiem Polski !) F.D. Rooseveltem. Lerski we wspomnieniach ubolewa; co te\u017c ja narobi\u0142em, przekaza\u0142em szefom AK wezwanie do ponoszenia najwi\u0119kszych ofiar, uwierzy\u0142em, podobnie jak Sikorski, w uczciwo\u015b\u0107\u00a0 prezydenta USA&#8230;<\/p>\n<p>Jakie rezultaty?\u00a0 Np. takie:\u00a0Kronika klasztorna si\u00f3str benedyktynek w Warszawie.\u00a0<\/p>\n<p>Czwartek, 31 sierpnia 1944.\u00a0 <em>Dzie\u0144 dope\u0142nienia si\u0119 ofiary. Z rana cz\u0119\u015b\u0107 ludno\u015bci z naszego schronu przesz\u0142a na stron\u0119 niemieck\u0105. Odprowadzi\u0142y\u015bmy ich za bram\u0119, powsta\u0144cy dali par\u0119 salw, ale, zdaje si\u0119, nikogo nie trafili. U nas w ogrodzie i na gruzach stoj\u0105 wci\u0105\u017c jeszcze powsta\u0144cy i strzelaj\u0105. <strong>Na pr\u00f3\u017cno siostry prosi\u0142y, by odeszli i nie nara\u017cali ju\u017c wi\u0119cej zakonnic i ludno\u015bci cywilnej, kryj\u0105cej si\u0119 w schronach.<\/strong> Gdy jedni dali si\u0119 przekona\u0107 i odeszli, nadbiegli inni, twierdz\u0105c, \u017ce maj\u0105 polecenie do ko\u0144ca broni\u0107 naszych mur\u00f3w i odej\u015b\u0107 nie mog\u0105. Obr\u0119cz niemiecka zaciska\u0142a si\u0119 coraz silniej, ju\u017c i czo\u0142gi wjecha\u0142y na Nowe Miasto i wali\u0142y w mury ko\u015bcielne. A bombowce raz po raz zni\u017ca\u0142y si\u0119 tu\u017c nad nami, zrzucaj\u0105c sw\u00f3j \u0142adunek coraz bli\u017cej naszych mur\u00f3w.<\/em>\u00a0 \u00a0 \u00a0 \u00a0 (Komentarz zbyteczny J. Ch.)<\/p>\n<p>M\u0142odzi stryjowie autora tekstu, Edward i Stanis\u0142aw, nie mogli (podobno) si\u0119 doczeka\u0107 tego powstania nie ze w gl\u0119d\u00f3w politycznych\u00a0 tylko po to , \u017ceby sobie postrzela\u0107&#8230;<\/p>\n<p><strong>SMOG, Klimat, UE &#8211; skansenem &#8222;eko\u015bwir\u00f3w&#8221; .<\/strong><\/p>\n<p>Wiara w szkodliwo\u015b\u0107 pary wodnej zwanej obecnie &#8222;smogiem&#8221; oraz zaliczanie palaczy papieros\u00f3w do ofiar tego &#8222;smogu&#8221;,\u00a0 zakaz u\u017cywania paliw emituj\u0105cych\u00a0 CO2 to choroba. W\u0119giel i gaz nie, to co w zamian?\u00a0 Wiatr(aki)\u00a0 w g\u0142owach nawiedzonych dam, biogaz z odchod\u00f3w i inne g\u0142upoty.\u00a0 Auta elektryczne? Ale\u017c to pr\u0105d z w\u0119gla! Atom? &#8211; te\u017c ma powa\u017cne wady. Chiny, Indie, Rosja i.t.d. zacieraj\u0105 r\u0119ce; koniec hegemonii tych przekl\u0119tych Europejczyk\u00f3w,\u00a0 g\u0142upiego trzeba chwali\u0107, \u017ceby nie zm\u0105drza\u0142,\u00a0 umacniajmy ich w tym \u015bwirstwie!\u00a0<\/p>\n<p>Z powodu\u00a0 zanieczyszczonego powietrza\u00a0 ma rzekomo umiera\u0107 corocznie w Polsce\u00a0 nawet 100\u00a0 tys. os\u00f3b.\u00a0 Ale na podstawie jakich bada\u0144 to stwierdzono? Czy po\u015br\u00f3d tych zmar\u0142ych by\u0142y r\u00f3wnie\u017c osoby nie pal\u0105ce papieros\u00f3w? Szwagier pisz\u0105cego te s\u0142owa us\u0142ysza\u0142 od swojego ojca: &#8222;Tylko nie przyznawaj si\u0119 , \u017ce palisz papierosy, bo nie b\u0119d\u0105 ci\u0119 leczy\u0107&#8221;. Zmar\u0142 na raka p\u0142uc w wieku 56 lat. Naciski wielu lekarzy, \u017ceby nie bazowano na wywiadach, lecz na badaniach p\u0142ynu op\u0142ucnowego s\u0105 odrzucane.\u00a0 Wniosek w tej sprawie do M.Z.\u00a0 zosta\u0142 odrzucony.\u00a0 R\u00f3wnie\u017c pozew\u00a0 skierowany do S\u0105du 13.08.2020\u00a0 nie przyni\u00f3s\u0142\u00a0 rezultatu.<\/p>\n<p>\u00a0<\/p>\n\n\n<p>    <p><strong>\u00a0<\/strong><\/p>   <p style=\"text-align: left;\"><p>\u00a0<\/p> <p style=\"text-align: center;\"><strong><p style=\"text-align: center;\"><\/strong><\/p> <\/p>\n\n\n\n<p> <p>\u00a0<\/p> <p style=\"text-align: center;\"> <\/p>\n\n\n\n<p>  <ol> <\/ol><p style=\"text-align: left;\"> <\/p><p>\u00a0<\/p> <p style=\"text-align: center;\">  <\/p>  <\/p>\n\n\n\n<p><\/p>\n\n\n\n<p><\/p>\n\n\n\n<p><\/p>\n\n\n\n<p><\/p>\n\n\n\n<p>    <p><strong>\u00a0<\/strong><\/p>    <p style=\"text-align: left;\"> <p>\u00a0<\/p> <p style=\"text-align: center;\"><\/p>\n\n\n\n<p><\/p>\n\n\n\n<p><\/p>\n\n\n\n<p>ALBO \u015bMIESZNE, ALBO CIEKAWE<\/p>\n\n\n\n<p>W sklepie przy  Marsza\u0142kowskiej 6 dostaniesz materia\u0142y  &#8222;PIERNICZE&#8221; ?<\/p>\n\n\n\n<figure class=\"wp-block-image size-large\"><img decoding=\"async\" loading=\"lazy\" width=\"1024\" height=\"873\" src=\"http:\/\/choinski.info\/wp-content\/uploads\/2020\/10\/Piernicze-1024x873.jpg\" alt=\"\" class=\"wp-image-822\" srcset=\"http:\/\/choinski.info\/wp-content\/uploads\/2020\/10\/Piernicze-1024x873.jpg 1024w, http:\/\/choinski.info\/wp-content\/uploads\/2020\/10\/Piernicze-300x256.jpg 300w, http:\/\/choinski.info\/wp-content\/uploads\/2020\/10\/Piernicze-768x655.jpg 768w, http:\/\/choinski.info\/wp-content\/uploads\/2020\/10\/Piernicze.jpg 1442w\" sizes=\"(max-width: 1024px) 100vw, 1024px\" \/><\/figure>\n\n\n\n<p><\/p>\n","protected":false},"excerpt":{"rendered":"<p>Wobec permanentnie zadawanych autorowi powy\u017cej wymienionych publikacji pyta\u0144 w rodzaju: no dobrze, ju\u017c wiemy sk\u0105d si\u0119 wzi\u0105\u0142 cz\u0142owiek na Ziemi, dlaczego Polska znikn\u0119\u0142a z map na 123 lata, dlaczego wybuch\u0142a II W. \u015aw,\u00a0 ale co tu i teraz?\u00a0 Kolejno\u015b\u0107 temat\u00f3w:\u00a0 Bie\u017c\u0105ca polityka\u00a0 \u00a0Odbudowa Pa\u0142acu Saskiego, czy domu towarowego rosyjskiego biznesmena Skwarcowa? \u00a0 \u00a0 \u00a0 \u00a0 &hellip; <a href=\"http:\/\/choinski.info\/index.php\/agnitio-vera-publisher\/\" class=\"more-link\">Czytaj dalej <span class=\"screen-reader-text\">Aktualno\u015bci<\/span> <span class=\"meta-nav\">&rarr;<\/span><\/a><\/p>\n","protected":false},"author":1,"featured_media":0,"parent":0,"menu_order":0,"comment_status":"closed","ping_status":"closed","template":"page-templates\/full-width.php","meta":[],"_links":{"self":[{"href":"http:\/\/choinski.info\/index.php\/wp-json\/wp\/v2\/pages\/444"}],"collection":[{"href":"http:\/\/choinski.info\/index.php\/wp-json\/wp\/v2\/pages"}],"about":[{"href":"http:\/\/choinski.info\/index.php\/wp-json\/wp\/v2\/types\/page"}],"author":[{"embeddable":true,"href":"http:\/\/choinski.info\/index.php\/wp-json\/wp\/v2\/users\/1"}],"replies":[{"embeddable":true,"href":"http:\/\/choinski.info\/index.php\/wp-json\/wp\/v2\/comments?post=444"}],"version-history":[{"count":236,"href":"http:\/\/choinski.info\/index.php\/wp-json\/wp\/v2\/pages\/444\/revisions"}],"predecessor-version":[{"id":1423,"href":"http:\/\/choinski.info\/index.php\/wp-json\/wp\/v2\/pages\/444\/revisions\/1423"}],"wp:attachment":[{"href":"http:\/\/choinski.info\/index.php\/wp-json\/wp\/v2\/media?parent=444"}],"curies":[{"name":"wp","href":"https:\/\/api.w.org\/{rel}","templated":true}]}}